{"id":9130,"date":"2023-06-08T11:54:45","date_gmt":"2023-06-08T11:54:45","guid":{"rendered":"https:\/\/livret.becquerel.fr\/?docs=livret-daccueil\/votre-parcours-de-soins-9078\/vos-interlocuteurs"},"modified":"2025-08-07T08:22:10","modified_gmt":"2025-08-07T08:22:10","slug":"vos-interlocuteurs-9130","status":"publish","type":"docs","link":"https:\/\/livret.becquerel.fr\/?docs=livret-daccueil\/votre-parcours-de-soins-9078\/vos-interlocuteurs-9130","title":{"rendered":"Vos interlocuteurs"},"content":{"rendered":"\n<figure class=\"wp-block-embed is-type-video is-provider-youtube wp-block-embed-youtube wp-embed-aspect-16-9 wp-has-aspect-ratio\"><div class=\"wp-block-embed__wrapper\">\n<iframe title=\"Vos interlocuteurs - livret d&#039;accueil\" width=\"1270\" height=\"714\" src=\"https:\/\/www.youtube.com\/embed\/ey0d9H8jXAk?feature=oembed\" frameborder=\"0\" allow=\"accelerometer; autoplay; clipboard-write; encrypted-media; gyroscope; picture-in-picture; web-share\" referrerpolicy=\"strict-origin-when-cross-origin\" allowfullscreen><\/iframe>\n<\/div><\/figure>\n\n\n\n<p>Pendant votre parcours de soins vous serez amen\u00e9 \u00e0 rencontrer de nombreux professionnels du Centre.<\/p>\n\n\n\n<h3 class=\"wp-block-heading has-text-color\" style=\"color:#e9560d\">LE PLUS SOUVENT, IL S\u2019AGIRA DE<\/h3>\n\n\n\n<h2 class=\"wp-block-heading has-text-color\" style=\"color:#e9560d\"><strong>M\u00e9decins<\/strong><\/h2>\n\n\n\n<p>Votre m\u00e9decin r\u00e9f\u00e9rent prendra avec vous, pendant toute votre prise en charge, les d\u00e9cisions n\u00e9cessaires concernant votre traitement, apr\u00e8s concertation avec les autres membres de l\u2019\u00e9quipe pluridisciplinaire qui vous suit (chirurgien, onco- radioth\u00e9rapeute, oncologue m\u00e9dical, h\u00e9matologue, radiologue, anatomopathologiste\u2026).<\/p>\n\n\n\n<h2 class=\"wp-block-heading has-text-color\" style=\"color:#e9560d\"><strong>Soignants<\/strong><\/h2>\n\n\n\n<ul class=\"wp-block-list\">\n<li>Les cadres de sant\u00e9 assurent la gestion et l\u2019organisation des soins ainsi que la liaison avec l\u2019administration. Ils sont \u00e0 votre disposition pour recueillir vos demandes et vous conseiller.<\/li>\n\n\n\n<li>Les Infirmiers Dipl\u00f4m\u00e9s d\u2019Etat (IDE) dispensent vos soins et r\u00e9alisent des pr\u00e9l\u00e8vements n\u00e9cessaires \u00e0 votre prise en charge.<\/li>\n\n\n\n<li>Les Aides-Soignants (AS) veillent tout particuli\u00e8rement aux soins d\u2019hygi\u00e8ne et de confort.<\/li>\n\n\n\n<li>Les manipulateurs d\u2019\u00e9lectro-radiologie r\u00e9alisent vos examens et certains traitements : radiologie, m\u00e9decine nucl\u00e9aire, radioth\u00e9rapie.<\/li>\n\n\n\n<li>Les techniciens de laboratoire sont en charge de vos pr\u00e9l\u00e8vements.<\/li>\n\n\n\n<li>Les pr\u00e9parateurs en pharmacie participent \u00e0 la pr\u00e9paration, la dispensation et la gestion des m\u00e9dicaments et des dispositifs m\u00e9dicaux.<\/li>\n<\/ul>\n\n\n\n<h2 class=\"wp-block-heading has-text-color\" style=\"color:#e9560d\"><strong>Personnel logistique<\/strong><\/h2>\n\n\n\n<p>Les Agents des Services Hospitaliers (ASH) assurent l\u2019hygi\u00e8ne des chambres et des unit\u00e9s. Les brancardiers vous accompagnent dans vos d\u00e9placements au sein des diff\u00e9rents services de l\u2019\u00e9tablissement.<\/p>\n\n\n\n<h2 class=\"wp-block-heading has-text-color\" style=\"color:#e9560d\"><strong>\u00c9quipe administrative<\/strong><\/h2>\n\n\n\n<p>Elle comprend les agents d\u2019accueil, les professionnels du Bureau des Entr\u00e9es et les assistants m\u00e9dicaux. Leur r\u00f4le est de vous accueillir, de vous renseigner et d\u2019assurer toute la partie m\u00e9dico-administrative en lien avec votre dossier.<\/p>\n\n\n\n<h2 class=\"wp-block-heading has-text-color\" style=\"color:#e9560d\"><strong>\u00c9quipe de recherche clinique<\/strong><\/h2>\n\n\n\n<p>Si vous participez \u00e0 un essai clinique, vous serez amen\u00e9 \u00e0 rencontrer une \u00e9quipe de m\u00e9decins, infirmiers, attach\u00e9s de recherche clinique. Ils r\u00e9pondront aux questions que vous vous posez sur les modalit\u00e9s de l\u2019essai.<\/p>\n\n\n\n<p class=\"has-background\" style=\"background-color:#fef0e6\"><strong>\u00c9tudiants<\/strong><br><strong>Le Centre ayant pour mission l\u2019enseignement, vous serez amen\u00e9, au cours de votre s\u00e9jour, \u00e0 rencontrer des \u00e9tudiants en m\u00e9decine ou pharmacie (externes), des m\u00e9decins en cours de sp\u00e9cialisation (internes), mais aussi des \u00e9tudiants infirmiers, aides-soignants, manipulateurs\u2026<\/strong><\/p>\n\n\n\n<p><strong>Les professionnel de sant\u00e9, ainsi que les b\u00e9n\u00e9voles intervenant au sein de l\u2019\u00e9tablissement, portent pour la plupart une tenue ou un badge permettant de les identifier.<\/strong><\/p>\n","protected":false},"excerpt":{"rendered":"<p>Pendant votre parcours de soins vous serez amen\u00e9 \u00e0 rencontrer de nombreux professionnels du Centre. LE PLUS SOUVENT, IL S\u2019AGIRA DE M\u00e9decins Votre m\u00e9decin r\u00e9f\u00e9rent prendra avec vous, pendant toute votre prise en charge, les d\u00e9cisions n\u00e9cessaires concernant votre traitement, apr\u00e8s concertation avec les autres membres de l\u2019\u00e9quipe pluridisciplinaire qui vous suit (chirurgien, onco- radioth\u00e9rapeute, [&hellip;]<\/p>\n","protected":false},"author":1,"featured_media":0,"parent":9078,"menu_order":7,"comment_status":"open","ping_status":"closed","template":"","doc_tag":[],"doc_badge":[],"class_list":["post-9130","docs","type-docs","status-publish","hentry","no-post-thumbnail"],"acf":[],"author_avatar":"https:\/\/secure.gravatar.com\/avatar\/d9920acf16388f87b0dec2ee99918dde80987fd66ac3215b262c9741d172e865?s=96&d=mm&r=g","author_name":"admin","_links":{"self":[{"href":"https:\/\/livret.becquerel.fr\/index.php?rest_route=\/wp\/v2\/docs\/9130","targetHints":{"allow":["GET"]}}],"collection":[{"href":"https:\/\/livret.becquerel.fr\/index.php?rest_route=\/wp\/v2\/docs"}],"about":[{"href":"https:\/\/livret.becquerel.fr\/index.php?rest_route=\/wp\/v2\/types\/docs"}],"author":[{"embeddable":true,"href":"https:\/\/livret.becquerel.fr\/index.php?rest_route=\/wp\/v2\/users\/1"}],"replies":[{"embeddable":true,"href":"https:\/\/livret.becquerel.fr\/index.php?rest_route=%2Fwp%2Fv2%2Fcomments&post=9130"}],"version-history":[{"count":10,"href":"https:\/\/livret.becquerel.fr\/index.php?rest_route=\/wp\/v2\/docs\/9130\/revisions"}],"predecessor-version":[{"id":9946,"href":"https:\/\/livret.becquerel.fr\/index.php?rest_route=\/wp\/v2\/docs\/9130\/revisions\/9946"}],"up":[{"embeddable":true,"href":"https:\/\/livret.becquerel.fr\/index.php?rest_route=\/wp\/v2\/docs\/9078"}],"wp:attachment":[{"href":"https:\/\/livret.becquerel.fr\/index.php?rest_route=%2Fwp%2Fv2%2Fmedia&parent=9130"}],"wp:term":[{"taxonomy":"doc_tag","embeddable":true,"href":"https:\/\/livret.becquerel.fr\/index.php?rest_route=%2Fwp%2Fv2%2Fdoc_tag&post=9130"},{"taxonomy":"doc_badge","embeddable":true,"href":"https:\/\/livret.becquerel.fr\/index.php?rest_route=%2Fwp%2Fv2%2Fdoc_badge&post=9130"}],"curies":[{"name":"wp","href":"https:\/\/api.w.org\/{rel}","templated":true}]}}